{"id":356,"date":"2017-03-13T14:36:05","date_gmt":"2017-03-13T12:36:05","guid":{"rendered":"http:\/\/waterchain.samk.fi\/?page_id=356\/"},"modified":"2017-10-13T13:40:41","modified_gmt":"2017-10-13T10:40:41","slug":"mans-solijums-baltijas-jurai","status":"publish","type":"page","link":"https:\/\/waterchain.samk.fi\/lv\/","title":{"rendered":"Par Waterchain"},"content":{"rendered":"<p>L\u012bdz ar paaugstin\u0101t\u0101m bar\u012bbas un b\u012bstamo vielu iepl\u016bd\u0113m, k\u0101 ar\u012b citiem specifiskiem ietekmes faktoriem, Baltijas j\u016bra ir k\u013cuvusi par vienu no apdraud\u0113t\u0101kaj\u0101m j\u016bras ekosist\u0113m\u0101m pasaul\u0113. L\u012bdz \u0161im noskaidrots, ka \u0161\u012bs vielas j\u016br\u0101 iepl\u016bst no t\u0101diem sauszemes avotiem, k\u0101 lauksaimniec\u012bbas zem\u0113m, da\u017e\u0101da veida r\u016bpn\u012bc\u0101m, priv\u0101t\u0101m m\u0101jsaimniec\u012bb\u0101m u.c.. T\u0101s non\u0101k tuv\u0113j\u0101 \u016bdenstilp\u0113 un caur up\u0113m iepl\u016bst j\u016br\u0101. Bar\u012bbas un b\u012bstamo vielu iepl\u016bdes Baltijas j\u016br\u0101 apgr\u016btina dabisku ekosist\u0113mas funkcion\u0113\u0161anu, apdraud biolo\u0123isko daudzveid\u012bbu un dz\u012bves kvalit\u0101ti cilv\u0113kiem, kuri dz\u012bvo Baltijas j\u016bras re\u0123iona valst\u012bs. Lai sp\u0113tu samazin\u0101t iepl\u016bsto\u0161o vielu apjomu, nepiecie\u0161ama kompleksa pieeja, ar kuras pal\u012bdz\u012bbu c\u012bn\u012bties ar iepl\u016bdes c\u0113lo\u0146iem. Lai veicin\u0101tu Baltijas j\u016bras atvese\u013co\u0161anos n\u0101kotn\u0113, Eiropas Re\u0123ion\u0101l\u0101s att\u012bst\u012bbas fonda atbalst\u012bt\u0101 projekta laik\u0101, kontrol\u0113jot bar\u012bbas un b\u012bstamo vielu apjomu Baltijas j\u016br\u0101 ieteko\u0161aj\u0101s \u016bdenstilp\u0113s, tiks mazin\u0101tas bar\u012bbas un b\u012bstamo vielu iepl\u016bdes Baltijas j\u016br\u0101.<\/p>\n<p>WATERCHAIN projekta ietvaros tiks ieg\u016bta un apkopota zin\u0101tnisk\u0101 inform\u0101cija par p\u0113t\u0101maj\u0101m \u016bdenstilp\u0113m, k\u0101 ar\u012b izm\u0113\u0123in\u0101ti un sal\u012bdzin\u0101ti da\u017e\u0101di tehniskie risin\u0101jumi, lai samazin\u0101tu bar\u012bbas un b\u012bstamo vielu iepl\u016bdes up\u0113s, l\u012bdz ar to mazinot min\u0113to vielu iepl\u016bdi Baltijas j\u016br\u0101. Ar ieg\u016btajiem rezult\u0101tiem tiks iepaz\u012bstin\u0101ti dal\u012bbvalstu iedz\u012bvot\u0101ji.<\/p>\n<p>Baltijas j\u016bras ilgtsp\u0113j\u012bgai att\u012bst\u012bbai un ekolo\u0123isk\u0101s kvalit\u0101tes uzlabo\u0161anai n\u0101kotn\u0113 projekta laik\u0101 pl\u0101nots att\u012bst\u012bt lab\u0101s prakses piem\u0113rus, kuri b\u016btu piem\u0113rojami visam Baltijas j\u016bras re\u0123ionam. L\u012bdz 2023.gadam pl\u0101nots, ka bar\u012bbas un b\u012bstamo vielu apjoms, kas iepl\u016bst Baltijas j\u016br\u0101, pilotteritorij\u0101s b\u016bs samazin\u0101ts. Veiksm\u012bgas projekta aktivit\u0101\u0161u realiz\u0101cijas gad\u012bjum\u0101 rezult\u0101tiem b\u016bs tie\u0161a pozit\u012bva ietekme uz to cilv\u0113ku dz\u012bves kvalit\u0101ti, kuri dz\u012bvo un uzturas Baltijas j\u016bras tuvum\u0101.<\/p>\n<p>Projekta norise: 10.2015. \u2013 09.2018.<\/p>\n<p>Projektu finansi\u0101li atbalsta: Eiropas Re\u0123ion\u0101l\u0101 att\u012bst\u012bbas fonda (ERAF) Centr\u0101l\u0101 Baltijas j\u016bras re\u0123iona p\u0101rrobe\u017eu sadarb\u012bbas programma INTERREG IVA 2014. \u2013 2020.<\/p>\n<p>&nbsp;<\/p>\n","protected":false},"excerpt":{"rendered":"<p>L\u012bdz ar paaugstin\u0101t\u0101m bar\u012bbas un b\u012bstamo vielu iepl\u016bd\u0113m, k\u0101 ar\u012b citiem specifiskiem ietekmes faktoriem, Baltijas j\u016bra ir k\u013cuvusi par vienu no apdraud\u0113t\u0101kaj\u0101m j\u016bras ekosist\u0113m\u0101m pasaul\u0113. L\u012bdz \u0161im noskaidrots, ka \u0161\u012bs vielas j\u016br\u0101 iepl\u016bst no t\u0101diem sauszemes avotiem, k\u0101 lauksaimniec\u012bbas zem\u0113m,&hellip; <\/p>\n","protected":false},"author":2,"featured_media":0,"parent":0,"menu_order":0,"comment_status":"closed","ping_status":"closed","template":"","meta":{"footnotes":""},"class_list":["post-356","page","type-page","status-publish","hentry"],"_links":{"self":[{"href":"https:\/\/waterchain.samk.fi\/lv\/wp-json\/wp\/v2\/pages\/356","targetHints":{"allow":["GET"]}}],"collection":[{"href":"https:\/\/waterchain.samk.fi\/lv\/wp-json\/wp\/v2\/pages"}],"about":[{"href":"https:\/\/waterchain.samk.fi\/lv\/wp-json\/wp\/v2\/types\/page"}],"author":[{"embeddable":true,"href":"https:\/\/waterchain.samk.fi\/lv\/wp-json\/wp\/v2\/users\/2"}],"replies":[{"embeddable":true,"href":"https:\/\/waterchain.samk.fi\/lv\/wp-json\/wp\/v2\/comments?post=356"}],"version-history":[{"count":5,"href":"https:\/\/waterchain.samk.fi\/lv\/wp-json\/wp\/v2\/pages\/356\/revisions"}],"predecessor-version":[{"id":664,"href":"https:\/\/waterchain.samk.fi\/lv\/wp-json\/wp\/v2\/pages\/356\/revisions\/664"}],"wp:attachment":[{"href":"https:\/\/waterchain.samk.fi\/lv\/wp-json\/wp\/v2\/media?parent=356"}],"curies":[{"name":"wp","href":"https:\/\/api.w.org\/{rel}","templated":true}]}}